{"id":371,"date":"2022-10-22T13:17:09","date_gmt":"2022-10-22T13:17:09","guid":{"rendered":"https:\/\/festival-academy.com\/?page_id=371"},"modified":"2022-12-07T16:14:06","modified_gmt":"2022-12-07T16:14:06","slug":"the-kodaly-conferences-2","status":"publish","type":"page","link":"https:\/\/festival-academy.com\/sq\/the-kodaly-conferences-2\/","title":{"rendered":"Konferenca Kod\u00e1ly"},"content":{"rendered":"<h2>\n\t\tKonferenca Kod\u00e1ly\t<\/h2>\n<p>Koncepti Kod\u00e1ly \u00ebsht\u00eb nj\u00eb filozofi edukimi dhe nj\u00eb koncept m\u00ebsimdh\u00ebnieje.<\/p>\n<p>Zolt\u00e1n Kod\u00e1ly ishte nj\u00eb kompozitor dhe muzikant i njohur hungarez q\u00eb ia p\u00ebrkushtoi jet\u00ebn edukimit muzikor dhe zhvillimit t\u00eb asaj q\u00eb ai e konsideronte si interes komb\u00ebtar. Kod\u00e1ly besonte se muzika sh\u00ebrben p\u00ebr t\u00eb zhvilluar jo vet\u00ebm aft\u00ebsit\u00eb e nj\u00eb personi, por edhe vet\u00eb personalitetin, intelektin dhe diapazonin emocional.<\/p>\n<p>Nisur nga kjo filozofi, ai punoi p\u00ebr t\u00eb zhvilluar dhe p\u00ebrsosur at\u00eb q\u00eb do t\u00eb njihej bot\u00ebrisht si koncepti Kod\u00e1ly, nj\u00eb program gjith\u00ebp\u00ebrfshir\u00ebs p\u00ebr t\u00eb trajnuar aft\u00ebsit\u00eb bazike muzikore, duke e trajtuar m\u00ebsim-marrjen si nj\u00eb qasje t\u00eb bazuar te p\u00ebrjetimi i drejtp\u00ebrdrejt\u00eb.<\/p>\n<p>Metoda Kod\u00e1ly integron n\u00eb vetvete ide, teknika dhe qasje t\u00eb ndryshme ndaj edukimit muzikor, gjithmon\u00eb mbi parimin se edukimi muzikor duhet t\u00eb jet\u00eb nj\u00eb eksperienc\u00eb sa kulturore, aq edhe sociale.<\/p>\n<p>E njohur dhe e vler\u00ebsuar tashm\u00eb bot\u00ebrisht, metoda Kod\u00e1ly simbolizon nj\u00eb nga metodologjit\u00eb m\u00eb interesante dhe t\u00eb arrira t\u00eb m\u00ebsimdh\u00ebnies muzikore dhe vler\u00ebsohet si nga m\u00eb kryesoret nd\u00ebr proceset edukative q\u00eb synojn\u00eb instalimin e nj\u00eb vet\u00ebdijeje t\u00eb re artistike dhe p\u00ebrsosjen e aft\u00ebsive performuese.<\/p>\n<p>\u00a0<\/p>\n<style>\/*! elementor - v3.7.7 - 20-09-2022 *\/\n.elementor-column .elementor-spacer-inner{height:var(--spacer-size)}.e-container{--container-widget-width:100%}.e-container>.elementor-widget-spacer{width:var(--container-widget-width,var(--spacer-size));-ms-flex-item-align:stretch;align-self:stretch;-ms-flex-negative:0;flex-shrink:0}.e-container>.elementor-widget-spacer>.elementor-widget-container,.e-container>.elementor-widget-spacer>.elementor-widget-container>.elementor-spacer{height:100%}.e-container>.elementor-widget-spacer>.elementor-widget-container>.elementor-spacer>.elementor-spacer-inner{height:var(--container-widget-height,var(--spacer-size))}<\/style>\n<style>\/*! elementor - v3.7.7 - 20-09-2022 *\/\n.elementor-widget-image{text-align:center}.elementor-widget-image a{display:inline-block}.elementor-widget-image a img[src$=\".svg\"]{width:48px}.elementor-widget-image img{vertical-align:middle;display:inline-block}<\/style>\n<p>\t\t\t\t\t\t\t\t\t\t\t\t<img decoding=\"async\" src=\"http:\/\/festival-academy.com\/wp-content\/uploads\/2022\/12\/20221105_103014-scaled.jpg\" alt=\"\" loading=\"lazy\" \/>\t\t\t\t\t\t\t\t\t\t\t\t\t\t\t<\/p>\n<style>\/*! elementor - v3.7.7 - 20-09-2022 *\/\n.elementor-heading-title{padding:0;margin:0;line-height:1}.elementor-widget-heading .elementor-heading-title[class*=elementor-size-]>a{color:inherit;font-size:inherit;line-height:inherit}.elementor-widget-heading .elementor-heading-title.elementor-size-small{font-size:15px}.elementor-widget-heading .elementor-heading-title.elementor-size-medium{font-size:19px}.elementor-widget-heading .elementor-heading-title.elementor-size-large{font-size:29px}.elementor-widget-heading .elementor-heading-title.elementor-size-xl{font-size:39px}.elementor-widget-heading .elementor-heading-title.elementor-size-xxl{font-size:59px}<\/style>\n<h3>Konferenc\u00eb Kod\u00e1ly me N\u00f3ra Keresztes DLA<\/h3>\n<p>Festival Academy ka privilegjin t\u00eb jet\u00eb e para platform\u00eb q\u00eb sjell metod\u00ebn Kod\u00e1ly n\u00eb Shqip\u00ebri, duke sh\u00ebnuar dhe nj\u00eb stad t\u00eb ri n\u00eb p\u00ebrpjekjen p\u00ebr t\u00eb promovuar edukimin artistik n\u00eb vend dhe p\u00ebrcjell\u00eb disa prej praktikave dhe filozofive edukative m\u00eb t\u00eb r\u00ebnd\u00ebsishme n\u00eb Europ\u00eb dhe n\u00eb bot\u00eb.<\/p>\n<p><a href=\"https:\/\/kodaly.hu\/faculty\/nora-keresztes-dla-120460\">Profesore N\u00f3ra Keresztes DLA<\/a> do t\u00eb sjell\u00eb n\u00eb praktik\u00eb metod\u00ebn Kod\u00e1ly p\u00ebr talentet e reja shqiptare. Nj\u00eb nga njoh\u00ebset m\u00eb t\u00eb mira dhe t\u00eb kualifikuara t\u00eb konceptit Kod\u00e1ly, profesore Keresztes do t\u00eb sjell\u00eb p\u00ebr t\u00eb rinjt\u00eb nj\u00eb eksperienc\u00eb t\u00eb paharrueshme pedagogjike.<\/p>\n<p>\u00a0<\/p>\n<p>Profesore Keresztes \u00ebsht\u00eb aktualisht pedagoge te Insituti Kod\u00e1ly i Akademis\u00eb s\u00eb Muzik\u00ebs Liszt n\u00eb Kecskem\u00e9t. Si pedagoge e muzik\u00ebs dhe konduktore, ajo ka punuar gjer\u00ebsisht n\u00eb sken\u00ebn nd\u00ebrkomb\u00ebtare, duke p\u00ebrfshir\u00eb pun\u00ebtori, masterklasa dhe seminare n\u00eb Azerbajxhan, Danimark\u00eb, Estoni, Finalnd\u00eb, Hong Kong, Itali, Japoni, Lituani dhe Vjetnam.<\/p>\n<p>\u00a0<\/p>\n<p>Prej vitit 2016 e n\u00eb vazhdim, ajo ka q\u00ebn\u00eb e angazhuar te Departamenti i Teoris\u00eb s\u00eb Muzik\u00ebs n\u00eb Akademin\u00eb e Muzik\u00ebs Liszt n\u00eb Budapest. M\u00eb her\u00ebt, nga viti 2002 deri n\u00eb 2018, ajo jepte m\u00ebsim te Fakulteti i Muzik\u00ebs dhe Arteve Vizuale n\u00eb Universitetin e P\u00e9cs. Nd\u00ebrmjet viteve 2010-2018, N\u00f3ra punoi te Fakulteti i Trajnimit t\u00eb M\u00ebsuesve n\u00eb Universitetin e P\u00e9cs, ku ishte p\u00ebrgjegjese p\u00ebr p\u00ebrgatitjen dhe trajnimin e m\u00ebsuesve t\u00eb para-shkollor\u00ebve dhe t\u00eb shkollave fillore.<\/p>\n<p>\u00a0<\/p>\n<p>Pas dekadave t\u00eb t\u00ebra si k\u00ebng\u00ebtare n\u00eb kore t\u00eb shumt\u00eb (Kordi Madrigal i Szeksz\u00e1rd, Kori i Muzik\u00ebs s\u00eb Dhom\u00ebs p\u00ebr Femra \u201dPuellae\u201d te University i P\u00e9cs, Kori Palestrina i Katedrales s\u00eb P\u00e9cs), ajo punon aktualisht si drejtore artistike dhe konduktore te kori i muzik\u00ebs s\u00eb dhom\u00ebs <a href=\"https:\/\/www.facebook.com\/cappellaquinqueecclesiensis\/\">Cappella Quinqueecclesiensis<\/a>\u00a0n\u00eb P\u00e9cs dhe te <a href=\"https:\/\/www.pfz.hu\/korus\">Kori i Festivalit Filarmonik Pannon.<\/a> Nj\u00ebkoh\u00ebsisht, ajo \u00ebsht\u00eb an\u00ebtare e Shoq\u00ebris\u00eb Hungareze Kod\u00e1ly dhe e Shoqat\u00ebs s\u00eb Koreve dhe Orkestrave.<\/p>\n<p>\t\t\t\t\t\t\t\t\t\t\t\t\t\t\t<img decoding=\"async\" src=\"http:\/\/festival-academy.com\/wp-content\/uploads\/2022\/12\/20221105_102100-scaled.jpg\" alt=\"\" loading=\"lazy\" \/><\/p>\n","protected":false},"excerpt":{"rendered":"<p>Konferenca Kod\u00e1ly Koncepti Kod\u00e1ly \u00ebsht\u00eb nj\u00eb filozofi edukimi dhe nj\u00eb koncept m\u00ebsimdh\u00ebnieje. Zolt\u00e1n Kod\u00e1ly ishte nj\u00eb kompozitor dhe muzikant i njohur hungarez q\u00eb ia p\u00ebrkushtoi jet\u00ebn edukimit muzikor dhe zhvillimit t\u00eb asaj q\u00eb ai e konsideronte si interes komb\u00ebtar. Kod\u00e1ly besonte se muzika sh\u00ebrben p\u00ebr&#8230;<\/p>\n","protected":false},"author":1,"featured_media":0,"parent":0,"menu_order":0,"comment_status":"closed","ping_status":"closed","template":"","meta":{"footnotes":""},"class_list":["post-371","page","type-page","status-publish","hentry"],"_links":{"self":[{"href":"https:\/\/festival-academy.com\/sq\/wp-json\/wp\/v2\/pages\/371","targetHints":{"allow":["GET"]}}],"collection":[{"href":"https:\/\/festival-academy.com\/sq\/wp-json\/wp\/v2\/pages"}],"about":[{"href":"https:\/\/festival-academy.com\/sq\/wp-json\/wp\/v2\/types\/page"}],"author":[{"embeddable":true,"href":"https:\/\/festival-academy.com\/sq\/wp-json\/wp\/v2\/users\/1"}],"replies":[{"embeddable":true,"href":"https:\/\/festival-academy.com\/sq\/wp-json\/wp\/v2\/comments?post=371"}],"version-history":[{"count":14,"href":"https:\/\/festival-academy.com\/sq\/wp-json\/wp\/v2\/pages\/371\/revisions"}],"predecessor-version":[{"id":702,"href":"https:\/\/festival-academy.com\/sq\/wp-json\/wp\/v2\/pages\/371\/revisions\/702"}],"wp:attachment":[{"href":"https:\/\/festival-academy.com\/sq\/wp-json\/wp\/v2\/media?parent=371"}],"curies":[{"name":"wp","href":"https:\/\/api.w.org\/{rel}","templated":true}]}}